{"id":3521,"date":"2025-05-29T17:42:27","date_gmt":"2025-05-29T15:42:27","guid":{"rendered":"https:\/\/halstar.pl\/realizacja\/lokales-unternehmermagazin\/"},"modified":"2025-07-16T09:50:45","modified_gmt":"2025-07-16T07:50:45","slug":"lokales-unternehmermagazin","status":"publish","type":"realizacja","link":"https:\/\/halstar.pl\/de\/realizacja-de\/lokales-unternehmermagazin\/","title":{"rendered":"Lokales Unternehmermagazin"},"content":{"rendered":"\n<div class=\"wp-block-group is-style-container-750\"><div class=\"wp-block-group__inner-container is-layout-constrained wp-block-group-is-layout-constrained\">\n<p class=\"has-text-align-center\">Wir haben den Bau einer Lagerhalle realisiert, die auf die Bed\u00fcrfnisse eines lokalen Unternehmers zugeschnitten ist. Die Anlage wurde als Reaktion auf den Bedarf an <strong>einem modernen und funktionalen Raum<\/strong> <strong>f\u00fcr die Lagerung von Waren, Materialien oder Ausr\u00fcstung<\/strong> geschaffen &#8211; unabh\u00e4ngig vom Gesch\u00e4ftsprofil des Eigent\u00fcmers.<\/p>\n\n\n\n<p class=\"has-text-align-center\">Die \u00e4u\u00dfere Farbgestaltung des Geb\u00e4udes wurde an die Umgebung angepasst. Dadurch f\u00fcgt sich das Geb\u00e4ude auf nat\u00fcrliche Weise in die Landschaft ein und bewahrt eine \u00e4sthetische Koh\u00e4renz mit dem lokalen Charakter der Siedlung.<\/p>\n<\/div><\/div>\n\n<div class=\"values\">\n  <div class=\"values__inner\">\n      <div class=\"value\">\n      <div class=\"value__label\">Hallentyp<\/div>\n      <div class=\"value__value\">\n                Lagerhallen      <\/div>\n    <\/div>\n        <div class=\"value\">\n      <div class=\"value__label\">Anwendung der Halle<\/div>\n      <div class=\"value__value\">\n                Lager      <\/div>\n    <\/div>\n        <div class=\"value\">\n      <div class=\"value__label\">Abmessungen der Halle<\/div>\n      <div class=\"value__value\">\n                  <img decoding=\"async\" src=\"https:\/\/halstar.pl\/wp-content\/themes\/itcmetalcon\/assets\/images\/dimension.svg\" alt=\"\" class=\"value__icon\">\n                10 \/ 12 \/ 4,12 m      <\/div>\n    <\/div>\n        <div class=\"value\">\n      <div class=\"value__label\">Hallenbereich<\/div>\n      <div class=\"value__value\">\n                  <img decoding=\"async\" src=\"https:\/\/halstar.pl\/wp-content\/themes\/itcmetalcon\/assets\/images\/area.svg\" alt=\"\" class=\"value__icon\">\n                120 m2      <\/div>\n    <\/div>\n        <div class=\"value\">\n      <div class=\"value__label\">Fertigstellung der Halle<\/div>\n      <div class=\"value__value\">\n                1 Woche      <\/div>\n    <\/div>\n      <\/div>\n<\/div>\n\n<div style=\"height:100px\" aria-hidden=\"true\" class=\"wp-block-spacer is-style-sp-53\"><\/div>\n\n<div class=\"wp-block-group is-style-container-920\"><div class=\"wp-block-group__inner-container is-layout-constrained wp-block-group-is-layout-constrained\">\n<figure class=\"wp-block-image size-large\"><img loading=\"lazy\" decoding=\"async\" width=\"1024\" height=\"718\" src=\"https:\/\/halstar.pl\/wp-content\/uploads\/2025\/05\/2403_Magazyn-przedsiebiorcy-1024x718.jpg\" alt=\"gr&#xFC;ne Lagerhalle\" class=\"wp-image-3436\" srcset=\"https:\/\/halstar.pl\/wp-content\/uploads\/2025\/05\/2403_Magazyn-przedsiebiorcy-1024x718.jpg 1024w, https:\/\/halstar.pl\/wp-content\/uploads\/2025\/05\/2403_Magazyn-przedsiebiorcy-300x210.jpg 300w, https:\/\/halstar.pl\/wp-content\/uploads\/2025\/05\/2403_Magazyn-przedsiebiorcy-768x538.jpg 768w, https:\/\/halstar.pl\/wp-content\/uploads\/2025\/05\/2403_Magazyn-przedsiebiorcy-1536x1077.jpg 1536w, https:\/\/halstar.pl\/wp-content\/uploads\/2025\/05\/2403_Magazyn-przedsiebiorcy.jpg 1549w\" sizes=\"auto, (max-width: 1024px) 100vw, 1024px\" \/><\/figure>\n<\/div><\/div>\n\n<div style=\"height:100px\" aria-hidden=\"true\" class=\"wp-block-spacer is-style-sp-53\"><\/div>\n\n<div class=\"wp-block-group is-style-container-750\"><div class=\"wp-block-group__inner-container is-layout-constrained wp-block-group-is-layout-constrained\">\n<p>Die Hallen sind f\u00fcr eine universelle Nutzung und ein <strong>effizientes Logistikmanagement<\/strong> ausgelegt. Die Verwendung von drei Einfahrtstoren erm\u00f6glicht eine einfache Zufahrt f\u00fcr Transportfahrzeuge, wodurch die t\u00e4glichen Be- und Entladevorg\u00e4nge rationalisiert werden. <strong>Die gut durchdachte Raumaufteilung der Hallen<\/strong> erm\u00f6glicht eine effiziente Nutzung des verf\u00fcgbaren Raums und eine m\u00f6gliche Anpassung des Innenraums an wechselnde Bed\u00fcrfnisse.<\/p>\n\n\n\n<div style=\"height:100px\" aria-hidden=\"true\" class=\"wp-block-spacer is-style-sp-114\"><\/div>\n<\/div><\/div>\n\n  <div class=\"photos-text container\">\n          <div class=\"photo-text\">\n        <a href=\"https:\/\/halstar.pl\/wp-content\/uploads\/2025\/05\/2403_Magazyn-przedsiebiorcy-elewacja-boczna-scaled.jpg\" class=\"photo-text__photo\" data-lightbox=\"photos-text\">\n          <img loading=\"lazy\" decoding=\"async\" width=\"1024\" height=\"768\" src=\"https:\/\/halstar.pl\/wp-content\/uploads\/2025\/05\/2403_Magazyn-przedsiebiorcy-elewacja-boczna-1024x768.jpg\" class=\"cover-img\" alt=\"industrie-Sektionaltor\" srcset=\"https:\/\/halstar.pl\/wp-content\/uploads\/2025\/05\/2403_Magazyn-przedsiebiorcy-elewacja-boczna-1024x768.jpg 1024w, https:\/\/halstar.pl\/wp-content\/uploads\/2025\/05\/2403_Magazyn-przedsiebiorcy-elewacja-boczna-300x225.jpg 300w, https:\/\/halstar.pl\/wp-content\/uploads\/2025\/05\/2403_Magazyn-przedsiebiorcy-elewacja-boczna-768x576.jpg 768w, https:\/\/halstar.pl\/wp-content\/uploads\/2025\/05\/2403_Magazyn-przedsiebiorcy-elewacja-boczna-1536x1152.jpg 1536w, https:\/\/halstar.pl\/wp-content\/uploads\/2025\/05\/2403_Magazyn-przedsiebiorcy-elewacja-boczna-2048x1536.jpg 2048w\" sizes=\"auto, (max-width: 1024px) 100vw, 1024px\" \/>        <\/a>\n        <div class=\"photo-text__title\">\n          Funktionale Tore        <\/div>\n        <div class=\"photo-text__text\">\n          In der Halle wurden drei Tore installiert, die eine freie Zufahrt f\u00fcr Lieferfahrzeuge erm\u00f6glichen und die t\u00e4gliche Logistik rationalisieren. Die eingesetzte Automatisierung erh\u00f6ht den Benutzerkomfort erheblich, erleichtert die Handhabung und beschleunigt die Be- und Entladevorg\u00e4nge.        <\/div>\n      <\/div>\n          <div class=\"photo-text\">\n        <a href=\"https:\/\/halstar.pl\/wp-content\/uploads\/2025\/05\/2403_Magazyn-przedsiebiorcy-konstrukcja-scaled.jpg\" class=\"photo-text__photo\" data-lightbox=\"photos-text\">\n          <img loading=\"lazy\" decoding=\"async\" width=\"1024\" height=\"768\" src=\"https:\/\/halstar.pl\/wp-content\/uploads\/2025\/05\/2403_Magazyn-przedsiebiorcy-konstrukcja-1024x768.jpg\" class=\"cover-img\" alt=\"verzinkte Stahlkonstruktion\" srcset=\"https:\/\/halstar.pl\/wp-content\/uploads\/2025\/05\/2403_Magazyn-przedsiebiorcy-konstrukcja-1024x768.jpg 1024w, https:\/\/halstar.pl\/wp-content\/uploads\/2025\/05\/2403_Magazyn-przedsiebiorcy-konstrukcja-300x225.jpg 300w, https:\/\/halstar.pl\/wp-content\/uploads\/2025\/05\/2403_Magazyn-przedsiebiorcy-konstrukcja-768x576.jpg 768w, https:\/\/halstar.pl\/wp-content\/uploads\/2025\/05\/2403_Magazyn-przedsiebiorcy-konstrukcja-1536x1152.jpg 1536w, https:\/\/halstar.pl\/wp-content\/uploads\/2025\/05\/2403_Magazyn-przedsiebiorcy-konstrukcja-2048x1536.jpg 2048w\" sizes=\"auto, (max-width: 1024px) 100vw, 1024px\" \/>        <\/a>\n        <div class=\"photo-text__title\">\n          Langlebige Stahlkonstruktion        <\/div>\n        <div class=\"photo-text__text\">\n          Stahlkonstruktionen kombinieren eine hohe Haltbarkeit mit einer schnellen und effizienten Montage, wodurch die Bauzeit erheblich verk\u00fcrzt wird. Die Struktur erfordert keine umfangreiche Wartung, so dass das Geb\u00e4ude \u00fcber seine lange Lebensdauer hinweg wirtschaftlich bleibt. Diese L\u00f6sung ist ideal f\u00fcr Industrie- und Lageranwendungen.        <\/div>\n      <\/div>\n          <div class=\"photo-text\">\n        <a href=\"https:\/\/halstar.pl\/wp-content\/uploads\/2025\/05\/2403_Magazyn-przedsiebiorcy-panel-bramowy-scaled.jpg\" class=\"photo-text__photo\" data-lightbox=\"photos-text\">\n          <img loading=\"lazy\" decoding=\"async\" width=\"768\" height=\"1024\" src=\"https:\/\/halstar.pl\/wp-content\/uploads\/2025\/05\/2403_Magazyn-przedsiebiorcy-panel-bramowy-768x1024.jpg\" class=\"cover-img\" alt=\"Sektionaltorblatt\" srcset=\"https:\/\/halstar.pl\/wp-content\/uploads\/2025\/05\/2403_Magazyn-przedsiebiorcy-panel-bramowy-768x1024.jpg 768w, https:\/\/halstar.pl\/wp-content\/uploads\/2025\/05\/2403_Magazyn-przedsiebiorcy-panel-bramowy-225x300.jpg 225w, https:\/\/halstar.pl\/wp-content\/uploads\/2025\/05\/2403_Magazyn-przedsiebiorcy-panel-bramowy-1152x1536.jpg 1152w, https:\/\/halstar.pl\/wp-content\/uploads\/2025\/05\/2403_Magazyn-przedsiebiorcy-panel-bramowy-1536x2048.jpg 1536w, https:\/\/halstar.pl\/wp-content\/uploads\/2025\/05\/2403_Magazyn-przedsiebiorcy-panel-bramowy-scaled.jpg 1920w\" sizes=\"auto, (max-width: 768px) 100vw, 768px\" \/>        <\/a>\n        <div class=\"photo-text__title\">\n          Moderne Fassade        <\/div>\n        <div class=\"photo-text__text\">\n          Die Sektionaltorbl\u00e4tter wurden farblich sorgf\u00e4ltig auf die Fassade des Geb\u00e4udes abgestimmt. Diese L\u00f6sung erm\u00f6glichte es, die \u00e4sthetische Einheitlichkeit des Geb\u00e4udes zu erhalten und seinen modernen Charakter zu betonen.        <\/div>\n      <\/div>\n      <\/div>\n\n\n\n<p><\/p>\n","protected":false},"excerpt":{"rendered":"<p>Wir haben den Bau einer Lagerhalle realisiert, die auf die Bed\u00fcrfnisse eines lokalen Unternehmers zugeschnitten ist. Die Anlage wurde als Reaktion auf den Bedarf an einem modernen und funktionalen Raum [&hellip;]<\/p>\n","protected":false},"author":7,"featured_media":3437,"menu_order":0,"template":"","meta":{"_eb_attr":""},"tags":[49],"class_list":["post-3521","realizacja","type-realizacja","status-publish","has-post-thumbnail","hentry","tag-lagerung"],"acf":[],"yoast_head":"<!-- This site is optimized with the Yoast SEO plugin v26.5 - https:\/\/yoast.com\/wordpress\/plugins\/seo\/ -->\n<title>Lokales Unternehmermagazin - HALSTAR<\/title>\n<meta name=\"description\" content=\"Eine Lagerhalle mit drei Toren und einer gr\u00fcnen Fassade, die sich nat\u00fcrlich in die Umgebung einf\u00fcgt und eine bequeme Logistik erm\u00f6glicht.\" \/>\n<meta name=\"robots\" content=\"index, follow, max-snippet:-1, max-image-preview:large, max-video-preview:-1\" \/>\n<link rel=\"canonical\" href=\"https:\/\/halstar.pl\/de\/realizacja-de\/lokales-unternehmermagazin\/\" \/>\n<meta property=\"og:locale\" content=\"de_DE\" \/>\n<meta property=\"og:type\" content=\"article\" \/>\n<meta property=\"og:title\" content=\"Lokales Unternehmermagazin - HALSTAR\" \/>\n<meta property=\"og:description\" content=\"Eine Lagerhalle mit drei Toren und einer gr\u00fcnen Fassade, die sich nat\u00fcrlich in die Umgebung einf\u00fcgt und eine bequeme Logistik erm\u00f6glicht.\" \/>\n<meta property=\"og:url\" content=\"https:\/\/halstar.pl\/de\/realizacja-de\/lokales-unternehmermagazin\/\" \/>\n<meta property=\"og:site_name\" content=\"Halstar\" \/>\n<meta property=\"article:modified_time\" content=\"2025-07-16T07:50:45+00:00\" \/>\n<meta property=\"og:image\" content=\"https:\/\/halstar.pl\/wp-content\/uploads\/2025\/05\/2403_Magazyn-przedsiebiorcy.jpg\" \/>\n\t<meta property=\"og:image:width\" content=\"1549\" \/>\n\t<meta property=\"og:image:height\" content=\"1086\" \/>\n\t<meta property=\"og:image:type\" content=\"image\/jpeg\" \/>\n<meta name=\"twitter:card\" content=\"summary_large_image\" \/>\n<meta name=\"twitter:label1\" content=\"Gesch\u00e4tzte Lesezeit\" \/>\n\t<meta name=\"twitter:data1\" content=\"2\u00a0Minuten\" \/>\n<script type=\"application\/ld+json\" class=\"yoast-schema-graph\">{\"@context\":\"https:\/\/schema.org\",\"@graph\":[{\"@type\":\"WebPage\",\"@id\":\"https:\/\/halstar.pl\/de\/realizacja-de\/lokales-unternehmermagazin\/\",\"url\":\"https:\/\/halstar.pl\/de\/realizacja-de\/lokales-unternehmermagazin\/\",\"name\":\"Lokales Unternehmermagazin - HALSTAR\",\"isPartOf\":{\"@id\":\"https:\/\/halstar.pl\/#website\"},\"primaryImageOfPage\":{\"@id\":\"https:\/\/halstar.pl\/de\/realizacja-de\/lokales-unternehmermagazin\/#primaryimage\"},\"image\":{\"@id\":\"https:\/\/halstar.pl\/de\/realizacja-de\/lokales-unternehmermagazin\/#primaryimage\"},\"thumbnailUrl\":\"https:\/\/halstar.pl\/wp-content\/uploads\/2025\/05\/2403_Magazyn-przedsiebiorcy.jpg\",\"datePublished\":\"2025-05-29T15:42:27+00:00\",\"dateModified\":\"2025-07-16T07:50:45+00:00\",\"description\":\"Eine Lagerhalle mit drei Toren und einer gr\u00fcnen Fassade, die sich nat\u00fcrlich in die Umgebung einf\u00fcgt und eine bequeme Logistik erm\u00f6glicht.\",\"breadcrumb\":{\"@id\":\"https:\/\/halstar.pl\/de\/realizacja-de\/lokales-unternehmermagazin\/#breadcrumb\"},\"inLanguage\":\"de\",\"potentialAction\":[{\"@type\":\"ReadAction\",\"target\":[\"https:\/\/halstar.pl\/de\/realizacja-de\/lokales-unternehmermagazin\/\"]}]},{\"@type\":\"ImageObject\",\"inLanguage\":\"de\",\"@id\":\"https:\/\/halstar.pl\/de\/realizacja-de\/lokales-unternehmermagazin\/#primaryimage\",\"url\":\"https:\/\/halstar.pl\/wp-content\/uploads\/2025\/05\/2403_Magazyn-przedsiebiorcy.jpg\",\"contentUrl\":\"https:\/\/halstar.pl\/wp-content\/uploads\/2025\/05\/2403_Magazyn-przedsiebiorcy.jpg\",\"width\":1549,\"height\":1086,\"caption\":\"gr\u00fcne Lagerhalle\"},{\"@type\":\"BreadcrumbList\",\"@id\":\"https:\/\/halstar.pl\/de\/realizacja-de\/lokales-unternehmermagazin\/#breadcrumb\",\"itemListElement\":[{\"@type\":\"ListItem\",\"position\":1,\"name\":\"Home\",\"item\":\"https:\/\/halstar.pl\/de\/\"},{\"@type\":\"ListItem\",\"position\":2,\"name\":\"Realizacje\",\"item\":\"https:\/\/halstar.pl\/realizacje\/\"},{\"@type\":\"ListItem\",\"position\":3,\"name\":\"Lokales Unternehmermagazin\"}]},{\"@type\":\"WebSite\",\"@id\":\"https:\/\/halstar.pl\/#website\",\"url\":\"https:\/\/halstar.pl\/\",\"name\":\"Halstar\",\"description\":\"Hallen f\u00fcr Ihr Unternehmen\",\"publisher\":{\"@id\":\"https:\/\/halstar.pl\/#organization\"},\"potentialAction\":[{\"@type\":\"SearchAction\",\"target\":{\"@type\":\"EntryPoint\",\"urlTemplate\":\"https:\/\/halstar.pl\/?s={search_term_string}\"},\"query-input\":{\"@type\":\"PropertyValueSpecification\",\"valueRequired\":true,\"valueName\":\"search_term_string\"}}],\"inLanguage\":\"de\"},{\"@type\":\"Organization\",\"@id\":\"https:\/\/halstar.pl\/#organization\",\"name\":\"Halstar\",\"url\":\"https:\/\/halstar.pl\/\",\"logo\":{\"@type\":\"ImageObject\",\"inLanguage\":\"de\",\"@id\":\"https:\/\/halstar.pl\/#\/schema\/logo\/image\/\",\"url\":\"https:\/\/halstar.pl\/wp-content\/uploads\/2023\/12\/logo-1.svg\",\"contentUrl\":\"https:\/\/halstar.pl\/wp-content\/uploads\/2023\/12\/logo-1.svg\",\"width\":\"208\",\"height\":\"80\",\"caption\":\"Halstar\"},\"image\":{\"@id\":\"https:\/\/halstar.pl\/#\/schema\/logo\/image\/\"}}]}<\/script>\n<!-- \/ Yoast SEO plugin. -->","yoast_head_json":{"title":"Lokales Unternehmermagazin - HALSTAR","description":"Eine Lagerhalle mit drei Toren und einer gr\u00fcnen Fassade, die sich nat\u00fcrlich in die Umgebung einf\u00fcgt und eine bequeme Logistik erm\u00f6glicht.","robots":{"index":"index","follow":"follow","max-snippet":"max-snippet:-1","max-image-preview":"max-image-preview:large","max-video-preview":"max-video-preview:-1"},"canonical":"https:\/\/halstar.pl\/de\/realizacja-de\/lokales-unternehmermagazin\/","og_locale":"de_DE","og_type":"article","og_title":"Lokales Unternehmermagazin - HALSTAR","og_description":"Eine Lagerhalle mit drei Toren und einer gr\u00fcnen Fassade, die sich nat\u00fcrlich in die Umgebung einf\u00fcgt und eine bequeme Logistik erm\u00f6glicht.","og_url":"https:\/\/halstar.pl\/de\/realizacja-de\/lokales-unternehmermagazin\/","og_site_name":"Halstar","article_modified_time":"2025-07-16T07:50:45+00:00","og_image":[{"width":1549,"height":1086,"url":"https:\/\/halstar.pl\/wp-content\/uploads\/2025\/05\/2403_Magazyn-przedsiebiorcy.jpg","type":"image\/jpeg"}],"twitter_card":"summary_large_image","twitter_misc":{"Gesch\u00e4tzte Lesezeit":"2\u00a0Minuten"},"schema":{"@context":"https:\/\/schema.org","@graph":[{"@type":"WebPage","@id":"https:\/\/halstar.pl\/de\/realizacja-de\/lokales-unternehmermagazin\/","url":"https:\/\/halstar.pl\/de\/realizacja-de\/lokales-unternehmermagazin\/","name":"Lokales Unternehmermagazin - HALSTAR","isPartOf":{"@id":"https:\/\/halstar.pl\/#website"},"primaryImageOfPage":{"@id":"https:\/\/halstar.pl\/de\/realizacja-de\/lokales-unternehmermagazin\/#primaryimage"},"image":{"@id":"https:\/\/halstar.pl\/de\/realizacja-de\/lokales-unternehmermagazin\/#primaryimage"},"thumbnailUrl":"https:\/\/halstar.pl\/wp-content\/uploads\/2025\/05\/2403_Magazyn-przedsiebiorcy.jpg","datePublished":"2025-05-29T15:42:27+00:00","dateModified":"2025-07-16T07:50:45+00:00","description":"Eine Lagerhalle mit drei Toren und einer gr\u00fcnen Fassade, die sich nat\u00fcrlich in die Umgebung einf\u00fcgt und eine bequeme Logistik erm\u00f6glicht.","breadcrumb":{"@id":"https:\/\/halstar.pl\/de\/realizacja-de\/lokales-unternehmermagazin\/#breadcrumb"},"inLanguage":"de","potentialAction":[{"@type":"ReadAction","target":["https:\/\/halstar.pl\/de\/realizacja-de\/lokales-unternehmermagazin\/"]}]},{"@type":"ImageObject","inLanguage":"de","@id":"https:\/\/halstar.pl\/de\/realizacja-de\/lokales-unternehmermagazin\/#primaryimage","url":"https:\/\/halstar.pl\/wp-content\/uploads\/2025\/05\/2403_Magazyn-przedsiebiorcy.jpg","contentUrl":"https:\/\/halstar.pl\/wp-content\/uploads\/2025\/05\/2403_Magazyn-przedsiebiorcy.jpg","width":1549,"height":1086,"caption":"gr\u00fcne Lagerhalle"},{"@type":"BreadcrumbList","@id":"https:\/\/halstar.pl\/de\/realizacja-de\/lokales-unternehmermagazin\/#breadcrumb","itemListElement":[{"@type":"ListItem","position":1,"name":"Home","item":"https:\/\/halstar.pl\/de\/"},{"@type":"ListItem","position":2,"name":"Realizacje","item":"https:\/\/halstar.pl\/realizacje\/"},{"@type":"ListItem","position":3,"name":"Lokales Unternehmermagazin"}]},{"@type":"WebSite","@id":"https:\/\/halstar.pl\/#website","url":"https:\/\/halstar.pl\/","name":"Halstar","description":"Hallen f\u00fcr Ihr Unternehmen","publisher":{"@id":"https:\/\/halstar.pl\/#organization"},"potentialAction":[{"@type":"SearchAction","target":{"@type":"EntryPoint","urlTemplate":"https:\/\/halstar.pl\/?s={search_term_string}"},"query-input":{"@type":"PropertyValueSpecification","valueRequired":true,"valueName":"search_term_string"}}],"inLanguage":"de"},{"@type":"Organization","@id":"https:\/\/halstar.pl\/#organization","name":"Halstar","url":"https:\/\/halstar.pl\/","logo":{"@type":"ImageObject","inLanguage":"de","@id":"https:\/\/halstar.pl\/#\/schema\/logo\/image\/","url":"https:\/\/halstar.pl\/wp-content\/uploads\/2023\/12\/logo-1.svg","contentUrl":"https:\/\/halstar.pl\/wp-content\/uploads\/2023\/12\/logo-1.svg","width":"208","height":"80","caption":"Halstar"},"image":{"@id":"https:\/\/halstar.pl\/#\/schema\/logo\/image\/"}}]}},"_links":{"self":[{"href":"https:\/\/halstar.pl\/de\/wp-json\/wp\/v2\/realizacja\/3521","targetHints":{"allow":["GET"]}}],"collection":[{"href":"https:\/\/halstar.pl\/de\/wp-json\/wp\/v2\/realizacja"}],"about":[{"href":"https:\/\/halstar.pl\/de\/wp-json\/wp\/v2\/types\/realizacja"}],"author":[{"embeddable":true,"href":"https:\/\/halstar.pl\/de\/wp-json\/wp\/v2\/users\/7"}],"wp:featuredmedia":[{"embeddable":true,"href":"https:\/\/halstar.pl\/de\/wp-json\/wp\/v2\/media\/3437"}],"wp:attachment":[{"href":"https:\/\/halstar.pl\/de\/wp-json\/wp\/v2\/media?parent=3521"}],"wp:term":[{"taxonomy":"post_tag","embeddable":true,"href":"https:\/\/halstar.pl\/de\/wp-json\/wp\/v2\/tags?post=3521"}],"curies":[{"name":"wp","href":"https:\/\/api.w.org\/{rel}","templated":true}]}}